{"id":173,"date":"2020-05-18T17:52:53","date_gmt":"2020-05-18T17:52:53","guid":{"rendered":"http:\/\/yerdenizkooperatifi.org\/?page_id=173"},"modified":"2021-04-12T20:11:27","modified_gmt":"2021-04-12T20:11:27","slug":"gida","status":"publish","type":"page","link":"https:\/\/yerdenizkooperatifi.org\/index.php\/anasayfa\/gida\/","title":{"rendered":"G\u0131da"},"content":{"rendered":"\n<section id=\"g3b72ab\" class=\"wp-block-gutentor-p4 section-g3b72ab gutentor-post-module gutentor-advanced-post-module\" data-gpid=\"173\" data-l-ani=\"gp4-animation-1\" data-i-b=\"gutentor\/p1\" data-maxnumpages=\"4\">\n<div id=\"section-g853432\" class=\"wp-block-gutentor-e16 section-g853432 gutentor-element gutentor-post-header\"><div class=\"grid-container\"><div class=\"grid-row\">\n<div id=\"col-gmbcd7a3\" class=\"wp-block-gutentor-e15 gutentor-single-column  grid-lg-2 grid-md-2 grid-2\"><div id=\"section-gmbcd7a3\" class=\"section-gmbcd7a3 gutentor-col-wrap\">\n<div id=\"section-g219d95\" class=\"wp-block-gutentor-e13 section-g219d95 gutentor-element gutentor-element-navigation text-align-right-desktop text-align-right-tablet text-align-left-mobile\"><div class=\"gutentor-navigation\" data-gpage=\"1\"><ul class=\"gutentor-next-prev\"><li><a class=\"gutentor-disabled g-nav-prev\"><i class=\"fas fa-chevron-left\"><\/i><\/a><\/li><li><a class=\"g-nav-next\"><i class=\"fas fa-chevron-right\"><\/i><\/a><\/li><\/ul><\/div><\/div>\n<\/div><\/div>\n<\/div><\/div><\/div>\n\n\n<section class=\"gutentor-post-module section-c9fbfb87-0a67-43c9-83fb-26e5074216fe gutentor-post-module-p1 gutentor_p1_template1 gutentor-blog-list\" id=\"c9fbfb87-0a67-43c9-83fb-26e5074216fe\" data-gbid=\"c9fbfb87-0a67-43c9-83fb-26e5074216fe\" >\n<div class='grid-container'><div class='grid-row' ><article class='gutentor-post'><div class=\"gutentor-post-item\"><div class=\"gutentor-post-image-box\"><div class=\"gutentor-image-thumb\"><img width=\"464\" height=\"365\" src=\"https:\/\/yerdenizkooperatifi.org\/wp-content\/uploads\/2025\/02\/1737986402072-2-464x365.jpg\" class=\"attachment-medium size-medium wp-post-image\" alt=\"\" loading=\"lazy\" srcset=\"https:\/\/yerdenizkooperatifi.org\/wp-content\/uploads\/2025\/02\/1737986402072-2-464x365.jpg 464w, https:\/\/yerdenizkooperatifi.org\/wp-content\/uploads\/2025\/02\/1737986402072-2-840x660.jpg 840w, https:\/\/yerdenizkooperatifi.org\/wp-content\/uploads\/2025\/02\/1737986402072-2-768x604.jpg 768w, https:\/\/yerdenizkooperatifi.org\/wp-content\/uploads\/2025\/02\/1737986402072-2-1536x1207.jpg 1536w, https:\/\/yerdenizkooperatifi.org\/wp-content\/uploads\/2025\/02\/1737986402072-2-2048x1609.jpg 2048w\" sizes=\"(max-width: 464px) 100vw, 464px\" \/><\/div><\/div><div class=\"gutentor-post-content\"><div class=\"gutentor-post-title-data-wrap\"><h3 class=\"gutentor-post-title\"><a href=\"https:\/\/yerdenizkooperatifi.org\/index.php\/2025\/02\/06\/gokceyazi-kooperatifini-ziyaret-ettik\/\" rel=\"bookmark\">G\u00f6k\u00e7eyaz\u0131 Kooperatifi&#8217;ni Ziyaret Ettik<\/a><\/h3><\/div><div class=\"gutentor-post-desc\">YerDeniz Kooperatifi ve Ko\u00e7ulu Peynircilik olarak S.S. G\u00f6k\u00e7eyaz\u0131 Tar\u0131msal Kalk\u0131nma Kooperatifi\u2019ne \u00fcretici ziyareti d\u00fczenledik. \u0130stanbul\u2019dan yakla\u015f\u0131k 4 saat s\u00fcren bir yolculukla Kooperatif\u2019in \u0130vrindi \/ G\u00f6k\u00e7eyaz\u0131 k\u00f6y\u00fcnde bulunan ofisine vard\u0131k. G\u00f6k\u00e7eyaz\u0131 merkezd&hellip;<\/div><a class=\"gutentor-button gutentor-post-button\"  href=\"https:\/\/yerdenizkooperatifi.org\/index.php\/2025\/02\/06\/gokceyazi-kooperatifini-ziyaret-ettik\/\" href=\"https:\/\/yerdenizkooperatifi.org\/index.php\/2025\/02\/06\/gokceyazi-kooperatifini-ziyaret-ettik\/\"><span>Devam\u0131&#8230;<\/span><\/a><\/div><\/div><\/article><article class='gutentor-post'><div class=\"gutentor-post-item\"><div class=\"gutentor-post-image-box\"><div class=\"gutentor-image-thumb\"><img width=\"439\" height=\"365\" src=\"https:\/\/yerdenizkooperatifi.org\/wp-content\/uploads\/2022\/10\/IMG_20221008_103306-scaled-e1666278310831-439x365.jpg\" class=\"attachment-medium size-medium wp-post-image\" alt=\"\" loading=\"lazy\" srcset=\"https:\/\/yerdenizkooperatifi.org\/wp-content\/uploads\/2022\/10\/IMG_20221008_103306-scaled-e1666278310831-439x365.jpg 439w, https:\/\/yerdenizkooperatifi.org\/wp-content\/uploads\/2022\/10\/IMG_20221008_103306-scaled-e1666278310831-840x699.jpg 840w, https:\/\/yerdenizkooperatifi.org\/wp-content\/uploads\/2022\/10\/IMG_20221008_103306-scaled-e1666278310831-768x639.jpg 768w, https:\/\/yerdenizkooperatifi.org\/wp-content\/uploads\/2022\/10\/IMG_20221008_103306-scaled-e1666278310831-1536x1278.jpg 1536w, https:\/\/yerdenizkooperatifi.org\/wp-content\/uploads\/2022\/10\/IMG_20221008_103306-scaled-e1666278310831.jpg 1907w\" sizes=\"(max-width: 439px) 100vw, 439px\" \/><\/div><\/div><div class=\"gutentor-post-content\"><div class=\"gutentor-post-title-data-wrap\"><h3 class=\"gutentor-post-title\"><a href=\"https:\/\/yerdenizkooperatifi.org\/index.php\/2022\/11\/10\/mursalli-tarimsal-kalkinma-kooperatifi-ziyaretinden-notlar\/\" rel=\"bookmark\">Mursall\u0131 Tar\u0131msal Kalk\u0131nma Kooperatifi Ziyareti<\/a><\/h3><\/div><div class=\"gutentor-post-desc\">YerDeniz Kooperatifi olarak S.S. Mursall\u0131 Tar\u0131msal Kalk\u0131nma Kooperatifi\u2019ne \u00fcretici ziyareti d\u00fczenledik. \u0130stanbul\u2019dan yakla\u015f\u0131k 4 saat s\u00fcren bir yolculukla Kooperatif\u2019in Tekirda\u011f \/ Mursall\u0131 k\u00f6y\u00fcnde bulunan \u00fcretim tesislerine vard\u0131k. \n\n\n\nMursall\u0131 k\u00f6y\u00fcne girmeden &hellip;<\/div><a class=\"gutentor-button gutentor-post-button\"  href=\"https:\/\/yerdenizkooperatifi.org\/index.php\/2022\/11\/10\/mursalli-tarimsal-kalkinma-kooperatifi-ziyaretinden-notlar\/\" href=\"https:\/\/yerdenizkooperatifi.org\/index.php\/2022\/11\/10\/mursalli-tarimsal-kalkinma-kooperatifi-ziyaretinden-notlar\/\"><span>Devam\u0131&#8230;<\/span><\/a><\/div><\/div><\/article><article class='gutentor-post'><div class=\"gutentor-post-item\"><div class=\"gutentor-post-image-box\"><div class=\"gutentor-image-thumb\"><img width=\"274\" height=\"365\" src=\"https:\/\/yerdenizkooperatifi.org\/wp-content\/uploads\/2021\/11\/ozcay_ziyaret_3-274x365.jpg\" class=\"attachment-medium size-medium wp-post-image\" alt=\"\" loading=\"lazy\" srcset=\"https:\/\/yerdenizkooperatifi.org\/wp-content\/uploads\/2021\/11\/ozcay_ziyaret_3-274x365.jpg 274w, https:\/\/yerdenizkooperatifi.org\/wp-content\/uploads\/2021\/11\/ozcay_ziyaret_3-630x840.jpg 630w, https:\/\/yerdenizkooperatifi.org\/wp-content\/uploads\/2021\/11\/ozcay_ziyaret_3.jpg 768w\" sizes=\"(max-width: 274px) 100vw, 274px\" \/><\/div><\/div><div class=\"gutentor-post-content\"><div class=\"gutentor-post-title-data-wrap\"><h3 class=\"gutentor-post-title\"><a href=\"https:\/\/yerdenizkooperatifi.org\/index.php\/2021\/11\/12\/ozcay-kooperatifi-uretici-ziyareti\/\" rel=\"bookmark\">\u00d6z\u00e7ay Kooperatifi Ziyaretimiz<\/a><\/h3><\/div><div class=\"gutentor-post-desc\">B\u00f6lgede bulunan kooperatif dostlar\u0131m\u0131zla haberle\u015ftikten sonra&nbsp;\u00d6z\u00e7ay&nbsp;Kooperatifini&#8217;de arayarak A\u011fustos ay\u0131nda ziyarete gelmek istedi\u011fimiz bilgisini payla\u015ft\u0131k.&nbsp;\u00d6z\u00e7ay&nbsp;Kooperatifi&#8217;nden Hayrettin Bey \u00e7ok memnun olacaklar\u0131n\u0131, salg\u0131n ko\u015fullar\u0131n\u0131 d&hellip;<\/div><a class=\"gutentor-button gutentor-post-button\"  href=\"https:\/\/yerdenizkooperatifi.org\/index.php\/2021\/11\/12\/ozcay-kooperatifi-uretici-ziyareti\/\" href=\"https:\/\/yerdenizkooperatifi.org\/index.php\/2021\/11\/12\/ozcay-kooperatifi-uretici-ziyareti\/\"><span>Devam\u0131&#8230;<\/span><\/a><\/div><\/div><\/article><article class='gutentor-post'><div class=\"gutentor-post-item\"><div class=\"gutentor-post-image-box\"><div class=\"gutentor-image-thumb\"><img width=\"486\" height=\"365\" src=\"https:\/\/yerdenizkooperatifi.org\/wp-content\/uploads\/2021\/11\/IMG_20210802_172059-486x365.jpg\" class=\"attachment-medium size-medium wp-post-image\" alt=\"\" loading=\"lazy\" srcset=\"https:\/\/yerdenizkooperatifi.org\/wp-content\/uploads\/2021\/11\/IMG_20210802_172059-486x365.jpg 486w, https:\/\/yerdenizkooperatifi.org\/wp-content\/uploads\/2021\/11\/IMG_20210802_172059-600x450.jpg 600w, https:\/\/yerdenizkooperatifi.org\/wp-content\/uploads\/2021\/11\/IMG_20210802_172059.jpg 761w\" sizes=\"(max-width: 486px) 100vw, 486px\" \/><\/div><\/div><div class=\"gutentor-post-content\"><div class=\"gutentor-post-title-data-wrap\"><h3 class=\"gutentor-post-title\"><a href=\"https:\/\/yerdenizkooperatifi.org\/index.php\/2021\/11\/09\/koculu-peynircilik-ziyaretimiz-2\/\" rel=\"bookmark\">Ko\u00e7ulu Peynircilik Ziyaretimiz<\/a><\/h3><\/div><div class=\"gutentor-post-desc\">YerDeniz ve G\u00f6ztepe Kooperatifleri olarak Ko\u00e7ulu Peynircili\u011fin Kars\u2019taki mand\u0131ras\u0131n\u0131, 31.07.2021 \u2013 04.08.2021 tarihleri aras\u0131nda ziyaret ettik. \u0130lhan Ko\u00e7ulu ve \u00c7a\u011fda\u015f Ko\u00e7ulu ile Bo\u011fatepe (Zavot) k\u00f6y\u00fc, peynir \u00fcretimi ve genel olarak iklim de\u011fi\u015fikli\u011fi ile ilgili&hellip;<\/div><a class=\"gutentor-button gutentor-post-button\"  href=\"https:\/\/yerdenizkooperatifi.org\/index.php\/2021\/11\/09\/koculu-peynircilik-ziyaretimiz-2\/\" href=\"https:\/\/yerdenizkooperatifi.org\/index.php\/2021\/11\/09\/koculu-peynircilik-ziyaretimiz-2\/\"><span>Devam\u0131&#8230;<\/span><\/a><\/div><\/div><\/article><article class='gutentor-post'><div class=\"gutentor-post-item\"><div class=\"gutentor-post-image-box\"><div class=\"gutentor-image-thumb\"><img width=\"649\" height=\"365\" src=\"https:\/\/yerdenizkooperatifi.org\/wp-content\/uploads\/2021\/03\/eppek2-649x365.jpg\" class=\"attachment-medium size-medium wp-post-image\" alt=\"\" loading=\"lazy\" srcset=\"https:\/\/yerdenizkooperatifi.org\/wp-content\/uploads\/2021\/03\/eppek2-649x365.jpg 649w, https:\/\/yerdenizkooperatifi.org\/wp-content\/uploads\/2021\/03\/eppek2-840x473.jpg 840w, https:\/\/yerdenizkooperatifi.org\/wp-content\/uploads\/2021\/03\/eppek2-500x280.jpg 500w, https:\/\/yerdenizkooperatifi.org\/wp-content\/uploads\/2021\/03\/eppek2-768x432.jpg 768w, https:\/\/yerdenizkooperatifi.org\/wp-content\/uploads\/2021\/03\/eppek2.jpg 1015w\" sizes=\"(max-width: 649px) 100vw, 649px\" \/><\/div><\/div><div class=\"gutentor-post-content\"><div class=\"gutentor-post-title-data-wrap\"><h3 class=\"gutentor-post-title\"><a href=\"https:\/\/yerdenizkooperatifi.org\/index.php\/2021\/01\/12\/eppek-firinina-uretici-ziyareti-duzenledik\/\" rel=\"bookmark\">Eppek F\u0131r\u0131n\u0131 \u00dcretici Ziyaretimiz<\/a><\/h3><\/div><div class=\"gutentor-post-desc\">Ya\u015famyolu Kooperatifi ile birlikte YerDeniz ve G\u00f6ztepe Kooperatifleri olarak ek\u015fi mayal\u0131 ekmek \u00fcreticimizi Eppek f\u0131r\u0131n\u0131na ziyarete gittik. Eppek\u2019in kurucular\u0131ndan Burak ve Sedef \u00fcniversite mezunu ve k\u0131rsala yerle\u015fmek amac\u0131yla i\u015flerini b\u0131rak\u0131yorlar. Ba\u015fta ekmek&hellip;<\/div><a class=\"gutentor-button gutentor-post-button\"  href=\"https:\/\/yerdenizkooperatifi.org\/index.php\/2021\/01\/12\/eppek-firinina-uretici-ziyareti-duzenledik\/\" href=\"https:\/\/yerdenizkooperatifi.org\/index.php\/2021\/01\/12\/eppek-firinina-uretici-ziyareti-duzenledik\/\"><span>Devam\u0131&#8230;<\/span><\/a><\/div><\/div><\/article><article class='gutentor-post'><div class=\"gutentor-post-item\"><div class=\"gutentor-post-image-box\"><div class=\"gutentor-image-thumb\"><img width=\"649\" height=\"365\" src=\"https:\/\/yerdenizkooperatifi.org\/wp-content\/uploads\/2021\/03\/koculu3-649x365.jpg\" class=\"attachment-medium size-medium wp-post-image\" alt=\"\" loading=\"lazy\" srcset=\"https:\/\/yerdenizkooperatifi.org\/wp-content\/uploads\/2021\/03\/koculu3-649x365.jpg 649w, https:\/\/yerdenizkooperatifi.org\/wp-content\/uploads\/2021\/03\/koculu3-840x473.jpg 840w, https:\/\/yerdenizkooperatifi.org\/wp-content\/uploads\/2021\/03\/koculu3-500x280.jpg 500w, https:\/\/yerdenizkooperatifi.org\/wp-content\/uploads\/2021\/03\/koculu3-768x432.jpg 768w, https:\/\/yerdenizkooperatifi.org\/wp-content\/uploads\/2021\/03\/koculu3.jpg 1015w\" sizes=\"(max-width: 649px) 100vw, 649px\" \/><\/div><\/div><div class=\"gutentor-post-content\"><div class=\"gutentor-post-title-data-wrap\"><h3 class=\"gutentor-post-title\"><a href=\"https:\/\/yerdenizkooperatifi.org\/index.php\/2021\/01\/05\/koculu-peynircilik-ziyaretimiz\/\" rel=\"bookmark\">Ko\u00e7ulu Peynircili\u011fi Ziyaret Ettik<\/a><\/h3><\/div><div class=\"gutentor-post-desc\">Ya\u015famyolu Kooperatifi ile birlikte YerDeniz ve G\u00f6ztepe Kooperatifleri olarak Ko\u00e7ulu Peynircili\u011fin Kavac\u0131kta\u2019ki paketleme tesislerini ziyaret ettik. \u0130lhan Ko\u00e7ulu ile genel olarak peynirler ve paketleme tesisiyle ilgili konu\u015ftuk, hem de \u00fcreticilerimizi birbiriyl&hellip;<\/div><a class=\"gutentor-button gutentor-post-button\"  href=\"https:\/\/yerdenizkooperatifi.org\/index.php\/2021\/01\/05\/koculu-peynircilik-ziyaretimiz\/\" href=\"https:\/\/yerdenizkooperatifi.org\/index.php\/2021\/01\/05\/koculu-peynircilik-ziyaretimiz\/\"><span>Devam\u0131&#8230;<\/span><\/a><\/div><\/div><\/article><article class='gutentor-post'><div class=\"gutentor-post-item\"><div class=\"gutentor-post-image-box\"><div class=\"gutentor-image-thumb\"><img width=\"250\" height=\"250\" src=\"https:\/\/yerdenizkooperatifi.org\/wp-content\/uploads\/2021\/01\/eppek.jpg\" class=\"attachment-medium size-medium wp-post-image\" alt=\"\" loading=\"lazy\" \/><\/div><\/div><div class=\"gutentor-post-content\"><div class=\"gutentor-post-title-data-wrap\"><h3 class=\"gutentor-post-title\"><a href=\"https:\/\/yerdenizkooperatifi.org\/index.php\/2021\/01\/02\/eppek\/\" rel=\"bookmark\">Eppek<\/a><\/h3><\/div><div class=\"gutentor-post-desc\">(Tam Bu\u011fday Ekme\u011fi &#8211; Tam Bu\u011fday Unu)\n\n\n\nYerel yadig\u00e2r tah\u0131llar\u0131n pe\u015fine d\u00fc\u015ferek ek\u015fi mayal\u0131 ekmekler \u00fcreten Eppek f\u0131r\u0131n\u0131 Ocak 2017&#8217;de K\u0131z\u0131ltoprak&#8217;ta a\u00e7\u0131ld\u0131.\n\n\n\nZirai ila\u00e7 ve suni g\u00fcbre kullan\u0131lmadan, bu\u011fday\u0131n hi\u00e7bir par\u00e7as\u0131 ayr\u0131lmadan \u00fcretilen una sadece i\u00e7me &hellip;<\/div><a class=\"gutentor-button gutentor-post-button\"  href=\"https:\/\/yerdenizkooperatifi.org\/index.php\/2021\/01\/02\/eppek\/\" href=\"https:\/\/yerdenizkooperatifi.org\/index.php\/2021\/01\/02\/eppek\/\"><span>Devam\u0131&#8230;<\/span><\/a><\/div><\/div><\/article><article class='gutentor-post'><div class=\"gutentor-post-item\"><div class=\"gutentor-post-image-box\"><div class=\"gutentor-image-thumb\"><img width=\"186\" height=\"85\" src=\"https:\/\/yerdenizkooperatifi.org\/wp-content\/uploads\/2021\/01\/amesia1.png\" class=\"attachment-medium size-medium wp-post-image\" alt=\"\" loading=\"lazy\" \/><\/div><\/div><div class=\"gutentor-post-content\"><div class=\"gutentor-post-title-data-wrap\"><h3 class=\"gutentor-post-title\"><a href=\"https:\/\/yerdenizkooperatifi.org\/index.php\/2021\/01\/02\/amesia-calisan-ari-kadinlar-girisimi-ve-isletme-kooperatifi\/\" rel=\"bookmark\">Amesia \u00c7al\u0131\u015fan Ar\u0131 Kad\u0131nlar Giri\u015fimi ve \u0130\u015fletme Kooperatifi<\/a><\/h3><\/div><div class=\"gutentor-post-desc\">(Ku\u015fburnu marmelat)\n\n\n\nK\u0131rsalda ya\u015fayan \u00fcretici e\u015fi kad\u0131nlar Amasya \u0130li Dam\u0131zl\u0131k S\u0131\u011f\u0131r Yeti\u015ftiricileri Birli\u011fi deste\u011fi ile ald\u0131klar\u0131 e\u011fitimler sonras\u0131nda 15 May\u0131s 2015 tarihinde Amesia \u00c7al\u0131\u015fan Ar\u0131 Kad\u0131nlar Giri\u015fimi ve \u0130\u015fletme Kooperatifi&#8217;ni kurarlar.\n\n\n\nG\u00fcm\u00fc\u015fh&hellip;<\/div><a class=\"gutentor-button gutentor-post-button\"  href=\"https:\/\/yerdenizkooperatifi.org\/index.php\/2021\/01\/02\/amesia-calisan-ari-kadinlar-girisimi-ve-isletme-kooperatifi\/\" href=\"https:\/\/yerdenizkooperatifi.org\/index.php\/2021\/01\/02\/amesia-calisan-ari-kadinlar-girisimi-ve-isletme-kooperatifi\/\"><span>Devam\u0131&#8230;<\/span><\/a><\/div><\/div><\/article><article class='gutentor-post'><div class=\"gutentor-post-item\"><div class=\"gutentor-post-image-box\"><div class=\"gutentor-image-thumb\"><img width=\"365\" height=\"365\" src=\"https:\/\/yerdenizkooperatifi.org\/wp-content\/uploads\/2021\/01\/defnekadinkoop_logo-365x365.jpg\" class=\"attachment-medium size-medium wp-post-image\" alt=\"\" loading=\"lazy\" srcset=\"https:\/\/yerdenizkooperatifi.org\/wp-content\/uploads\/2021\/01\/defnekadinkoop_logo-365x365.jpg 365w, https:\/\/yerdenizkooperatifi.org\/wp-content\/uploads\/2021\/01\/defnekadinkoop_logo.jpg 664w\" sizes=\"(max-width: 365px) 100vw, 365px\" \/><\/div><\/div><div class=\"gutentor-post-content\"><div class=\"gutentor-post-title-data-wrap\"><h3 class=\"gutentor-post-title\"><a href=\"https:\/\/yerdenizkooperatifi.org\/index.php\/2021\/01\/02\/defne-kadin-girisimi-uretim-ve-isletme-kooperatifi\/\" rel=\"bookmark\">Defne Kad\u0131n Giri\u015fimi \u00dcretim Ve \u0130\u015fletme Kooperatifi<\/a><\/h3><\/div><div class=\"gutentor-post-desc\">(Nar ek\u015fisi, baharatlar, halhali zeytin)\n\n\n\nDefne Kad\u0131n Kooperatifi Antakya&#8217;n\u0131n Defne il\u00e7esi k\u00f6ylerinde tar\u0131mla u\u011fra\u015fan kad\u0131nlar taraf\u0131ndan 2014 y\u0131l\u0131nda kurulmu\u015f. Kooperatifle\u015fme s\u00fcreci daha eskiye dayan\u0131yor, 2010 y\u0131l\u0131nda \u00e7al\u0131\u015fmalara ba\u015flay\u0131p 2012&#8217;de dernekle\u015f&hellip;<\/div><a class=\"gutentor-button gutentor-post-button\"  href=\"https:\/\/yerdenizkooperatifi.org\/index.php\/2021\/01\/02\/defne-kadin-girisimi-uretim-ve-isletme-kooperatifi\/\" href=\"https:\/\/yerdenizkooperatifi.org\/index.php\/2021\/01\/02\/defne-kadin-girisimi-uretim-ve-isletme-kooperatifi\/\"><span>Devam\u0131&#8230;<\/span><\/a><\/div><\/div><\/article><article class='gutentor-post'><div class=\"gutentor-post-item\"><div class=\"gutentor-post-image-box\"><div class=\"gutentor-image-thumb\"><img width=\"360\" height=\"365\" src=\"https:\/\/yerdenizkooperatifi.org\/wp-content\/uploads\/2021\/01\/devrek-gunesi-logo-360x365.jpg\" class=\"attachment-medium size-medium wp-post-image\" alt=\"\" loading=\"lazy\" srcset=\"https:\/\/yerdenizkooperatifi.org\/wp-content\/uploads\/2021\/01\/devrek-gunesi-logo-360x365.jpg 360w, https:\/\/yerdenizkooperatifi.org\/wp-content\/uploads\/2021\/01\/devrek-gunesi-logo.jpg 365w\" sizes=\"(max-width: 360px) 100vw, 360px\" \/><\/div><\/div><div class=\"gutentor-post-content\"><div class=\"gutentor-post-title-data-wrap\"><h3 class=\"gutentor-post-title\"><a href=\"https:\/\/yerdenizkooperatifi.org\/index.php\/2021\/01\/02\/devrek-gunesi\/\" rel=\"bookmark\">Devrek G\u00fcne\u015fi Tar\u0131msal Kalk\u0131nma Kooperatifi<\/a><\/h3><\/div><div class=\"gutentor-post-desc\">(Bulgur, Bu\u011fday unu, Tarhana, Eri\u015fte, Re\u00e7el, Sirke, K\u0131z\u0131lc\u0131k Ek\u015fisi)\n\n\n\nDevrek G\u00fcne\u015fi, kad\u0131n eme\u011fine ve kendi do\u011fal geleneksel \u00fcretimlerine sahip \u00e7\u0131karak kolektif \u00f6rg\u00fctlenmeyi tercih eden bir kad\u0131n kooperatifidir. Zonguldak&#8217;\u0131n Devrek \u0130l\u00e7esi k\u00f6ylerinde tar\u0131mla &hellip;<\/div><a class=\"gutentor-button gutentor-post-button\"  href=\"https:\/\/yerdenizkooperatifi.org\/index.php\/2021\/01\/02\/devrek-gunesi\/\" href=\"https:\/\/yerdenizkooperatifi.org\/index.php\/2021\/01\/02\/devrek-gunesi\/\"><span>Devam\u0131&#8230;<\/span><\/a><\/div><\/div><\/article><\/div><\/div><\/section>\n\n\n<div id=\"section-g74987a\" class=\"wp-block-gutentor-e17 section-g74987a gutentor-element gutentor-post-footer\"><div class=\"grid-container\"><div class=\"grid-row\">\n<div id=\"col-gmb0b60b\" class=\"wp-block-gutentor-e15 gutentor-single-column  grid-lg-12 grid-md-12 grid-12\"><div id=\"section-gmb0b60b\" class=\"section-gmb0b60b gutentor-col-wrap\">\n<div id=\"section-g0f3d76\" class=\"wp-block-gutentor-e12 section-g0f3d76 gutentor-element gutentor-element-pagination text-align-center-mobile\"><div class=\"gutentor-pagination-wrap\" data-maxnumpages=\"4\"><ul class=\"gutentor-pagination\"><li class=\"gutentor-pagination-item gutentor-pagination-prev\"><a class=\"gutentor-pagination-link gutentor-disabled\" href=\"#\"><i class=\"fas fa-chevron-left\"><\/i>\u00d6nceki<\/a><\/li><li class=\"gutentor-pagination-item gutentor-pagination-active\" data-gpage=\"1\"><a class=\"gutentor-pagination-link\" href=\"#\">1<\/a><\/li><li class=\"gutentor-pagination-item\"><a class=\"gutentor-pagination-link\" href=\"#\" data-gpage=\"2\">2<\/a><\/li><li class=\"gutentor-pagination-item\"><a class=\"gutentor-pagination-link\" href=\"#\" data-gpage=\"3\">3<\/a><\/li><li class=\"gutentor-pagination-item\"><a class=\"gutentor-pagination-link\" href=\"#\" data-gpage=\"4\">4<\/a><\/li><li class=\"gutentor-pagination-item gutentor-pagination-next\"><a class=\"gutentor-pagination-link\" href=\"#\" data-gpage=\"2\">Sonraki<i class=\"fas fa-chevron-right\"><\/i><\/a><\/li><\/ul><\/div><\/div>\n<\/div><\/div>\n<\/div><\/div><\/div>\n<\/section>\n","protected":false},"excerpt":{"rendered":"","protected":false},"author":1,"featured_media":0,"parent":118,"menu_order":0,"comment_status":"closed","ping_status":"closed","template":"","meta":[],"_links":{"self":[{"href":"https:\/\/yerdenizkooperatifi.org\/index.php\/wp-json\/wp\/v2\/pages\/173"}],"collection":[{"href":"https:\/\/yerdenizkooperatifi.org\/index.php\/wp-json\/wp\/v2\/pages"}],"about":[{"href":"https:\/\/yerdenizkooperatifi.org\/index.php\/wp-json\/wp\/v2\/types\/page"}],"author":[{"embeddable":true,"href":"https:\/\/yerdenizkooperatifi.org\/index.php\/wp-json\/wp\/v2\/users\/1"}],"replies":[{"embeddable":true,"href":"https:\/\/yerdenizkooperatifi.org\/index.php\/wp-json\/wp\/v2\/comments?post=173"}],"version-history":[{"count":8,"href":"https:\/\/yerdenizkooperatifi.org\/index.php\/wp-json\/wp\/v2\/pages\/173\/revisions"}],"predecessor-version":[{"id":1589,"href":"https:\/\/yerdenizkooperatifi.org\/index.php\/wp-json\/wp\/v2\/pages\/173\/revisions\/1589"}],"up":[{"embeddable":true,"href":"https:\/\/yerdenizkooperatifi.org\/index.php\/wp-json\/wp\/v2\/pages\/118"}],"wp:attachment":[{"href":"https:\/\/yerdenizkooperatifi.org\/index.php\/wp-json\/wp\/v2\/media?parent=173"}],"curies":[{"name":"wp","href":"https:\/\/api.w.org\/{rel}","templated":true}]}}