{"id":182,"date":"2020-05-18T17:56:50","date_gmt":"2020-05-18T17:56:50","guid":{"rendered":"http:\/\/yerdenizkooperatifi.org\/?page_id=182"},"modified":"2026-02-17T14:22:01","modified_gmt":"2026-02-17T14:22:01","slug":"uretici-ziyaretleri","status":"publish","type":"page","link":"https:\/\/yerdenizkooperatifi.org\/index.php\/anasayfa\/gida\/uretici-ziyaretleri\/","title":{"rendered":"\u00dcretici Ziyaretleri"},"content":{"rendered":"\n<section id=\"g852bf4\" class=\"wp-block-gutentor-p4 section-g852bf4 gutentor-post-module gutentor-advanced-post-module\" data-gpid=\"182\" data-l-ani=\"gp4-animation-1\" data-i-b=\"gutentor\/p1\" data-maxnumpages=\"2\">\n<div id=\"section-g7950bc\" class=\"wp-block-gutentor-e16 section-g7950bc gutentor-element gutentor-post-header\"><div class=\"grid-container\"><div class=\"grid-row\">\n<div id=\"col-gm5c586a\" class=\"wp-block-gutentor-e15 gutentor-single-column  grid-lg-5 grid-md-5 grid-5\"><div id=\"section-gm5c586a\" class=\"section-gm5c586a gutentor-col-wrap\"><\/div><\/div>\n\n\n\n<div id=\"col-gm93e60f\" class=\"wp-block-gutentor-e15 gutentor-single-column  grid-lg-5 grid-md-5 grid-5\"><div id=\"section-gm93e60f\" class=\"section-gm93e60f gutentor-col-wrap\"><\/div><\/div>\n\n\n\n<div id=\"col-gm2dd3c3\" class=\"wp-block-gutentor-e15 gutentor-single-column  grid-lg-2 grid-md-2 grid-2\"><div id=\"section-gm2dd3c3\" class=\"section-gm2dd3c3 gutentor-col-wrap\">\n<div id=\"section-ge8884e\" class=\"wp-block-gutentor-e13 section-ge8884e gutentor-element gutentor-element-navigation text-align-right-desktop text-align-right-tablet text-align-left-mobile\"><div class=\"gutentor-navigation\" data-gpage=\"1\"><ul class=\"gutentor-next-prev\"><li><a class=\"gutentor-disabled g-nav-prev\"><i class=\"fas fa-chevron-left\"><\/i><\/a><\/li><li><a class=\"g-nav-next\"><i class=\"fas fa-chevron-right\"><\/i><\/a><\/li><\/ul><\/div><\/div>\n<\/div><\/div>\n<\/div><\/div><\/div>\n\n\n<section class=\"gutentor-post-module section-0e7d0d38-ea34-4530-a4ce-e649fd9403e5 gutentor-post-module-p1 gutentor_p1_template1 gutentor-blog-list\" id=\"0e7d0d38-ea34-4530-a4ce-e649fd9403e5\" data-gbid=\"0e7d0d38-ea34-4530-a4ce-e649fd9403e5\" >\n<div class='grid-container'><div class='grid-row' ><article class='gutentor-post'><div class=\"gutentor-post-item\"><div class=\"gutentor-post-image-box\"><div class=\"gutentor-image-thumb\"><img width=\"2560\" height=\"2012\" src=\"https:\/\/yerdenizkooperatifi.org\/wp-content\/uploads\/2025\/02\/1737986402072-2-scaled.jpg\" class=\"attachment-full size-full wp-post-image\" alt=\"\" loading=\"lazy\" srcset=\"https:\/\/yerdenizkooperatifi.org\/wp-content\/uploads\/2025\/02\/1737986402072-2-scaled.jpg 2560w, https:\/\/yerdenizkooperatifi.org\/wp-content\/uploads\/2025\/02\/1737986402072-2-464x365.jpg 464w, https:\/\/yerdenizkooperatifi.org\/wp-content\/uploads\/2025\/02\/1737986402072-2-840x660.jpg 840w, https:\/\/yerdenizkooperatifi.org\/wp-content\/uploads\/2025\/02\/1737986402072-2-768x604.jpg 768w, https:\/\/yerdenizkooperatifi.org\/wp-content\/uploads\/2025\/02\/1737986402072-2-1536x1207.jpg 1536w, https:\/\/yerdenizkooperatifi.org\/wp-content\/uploads\/2025\/02\/1737986402072-2-2048x1609.jpg 2048w\" sizes=\"(max-width: 2560px) 100vw, 2560px\" \/><\/div><\/div><div class=\"gutentor-post-content\"><div class=\"gutentor-post-title-data-wrap\"><h3 class=\"gutentor-post-title\"><a href=\"https:\/\/yerdenizkooperatifi.org\/index.php\/2025\/02\/06\/gokceyazi-kooperatifini-ziyaret-ettik\/\" rel=\"bookmark\">G\u00f6k\u00e7eyaz\u0131 Kooperatifi&#8217;ni Ziyaret Ettik<\/a><\/h3><\/div><div class=\"gutentor-post-desc\">YerDeniz Kooperatifi ve Ko\u00e7ulu Peynircilik olarak S.S. G\u00f6k\u00e7eyaz\u0131 Tar\u0131msal Kalk\u0131nma Kooperatifi\u2019ne \u00fcr&hellip;<\/div><a class=\"gutentor-button gutentor-post-button\"  href=\"https:\/\/yerdenizkooperatifi.org\/index.php\/2025\/02\/06\/gokceyazi-kooperatifini-ziyaret-ettik\/\" href=\"https:\/\/yerdenizkooperatifi.org\/index.php\/2025\/02\/06\/gokceyazi-kooperatifini-ziyaret-ettik\/\"><span>Devam\u0131&#8230;<\/span><\/a><\/div><\/div><\/article><article class='gutentor-post'><div class=\"gutentor-post-item\"><div class=\"gutentor-post-image-box\"><div class=\"gutentor-image-thumb\"><img width=\"1907\" height=\"1587\" src=\"https:\/\/yerdenizkooperatifi.org\/wp-content\/uploads\/2022\/10\/IMG_20221008_103306-scaled-e1666278310831.jpg\" class=\"attachment-full size-full wp-post-image\" alt=\"\" loading=\"lazy\" srcset=\"https:\/\/yerdenizkooperatifi.org\/wp-content\/uploads\/2022\/10\/IMG_20221008_103306-scaled-e1666278310831.jpg 1907w, https:\/\/yerdenizkooperatifi.org\/wp-content\/uploads\/2022\/10\/IMG_20221008_103306-scaled-e1666278310831-439x365.jpg 439w, https:\/\/yerdenizkooperatifi.org\/wp-content\/uploads\/2022\/10\/IMG_20221008_103306-scaled-e1666278310831-840x699.jpg 840w, https:\/\/yerdenizkooperatifi.org\/wp-content\/uploads\/2022\/10\/IMG_20221008_103306-scaled-e1666278310831-768x639.jpg 768w, https:\/\/yerdenizkooperatifi.org\/wp-content\/uploads\/2022\/10\/IMG_20221008_103306-scaled-e1666278310831-1536x1278.jpg 1536w\" sizes=\"(max-width: 1907px) 100vw, 1907px\" \/><\/div><\/div><div class=\"gutentor-post-content\"><div class=\"gutentor-post-title-data-wrap\"><h3 class=\"gutentor-post-title\"><a href=\"https:\/\/yerdenizkooperatifi.org\/index.php\/2022\/11\/10\/mursalli-tarimsal-kalkinma-kooperatifi-ziyaretinden-notlar\/\" rel=\"bookmark\">Mursall\u0131 Tar\u0131msal Kalk\u0131nma Kooperatifi Ziyareti<\/a><\/h3><\/div><div class=\"gutentor-post-desc\">YerDeniz Kooperatifi olarak S.S. Mursall\u0131 Tar\u0131msal Kalk\u0131nma Kooperatifi\u2019ne \u00fcretici ziyareti d\u00fczenled&hellip;<\/div><a class=\"gutentor-button gutentor-post-button\"  href=\"https:\/\/yerdenizkooperatifi.org\/index.php\/2022\/11\/10\/mursalli-tarimsal-kalkinma-kooperatifi-ziyaretinden-notlar\/\" href=\"https:\/\/yerdenizkooperatifi.org\/index.php\/2022\/11\/10\/mursalli-tarimsal-kalkinma-kooperatifi-ziyaretinden-notlar\/\"><span>Devam\u0131&#8230;<\/span><\/a><\/div><\/div><\/article><article class='gutentor-post'><div class=\"gutentor-post-item\"><div class=\"gutentor-post-image-box\"><div class=\"gutentor-image-thumb\"><img width=\"768\" height=\"1024\" src=\"https:\/\/yerdenizkooperatifi.org\/wp-content\/uploads\/2021\/11\/ozcay_ziyaret_3.jpg\" class=\"attachment-full size-full wp-post-image\" alt=\"\" loading=\"lazy\" srcset=\"https:\/\/yerdenizkooperatifi.org\/wp-content\/uploads\/2021\/11\/ozcay_ziyaret_3.jpg 768w, https:\/\/yerdenizkooperatifi.org\/wp-content\/uploads\/2021\/11\/ozcay_ziyaret_3-274x365.jpg 274w, https:\/\/yerdenizkooperatifi.org\/wp-content\/uploads\/2021\/11\/ozcay_ziyaret_3-630x840.jpg 630w\" sizes=\"(max-width: 768px) 100vw, 768px\" \/><\/div><\/div><div class=\"gutentor-post-content\"><div class=\"gutentor-post-title-data-wrap\"><h3 class=\"gutentor-post-title\"><a href=\"https:\/\/yerdenizkooperatifi.org\/index.php\/2021\/11\/12\/ozcay-kooperatifi-uretici-ziyareti\/\" rel=\"bookmark\">\u00d6z\u00e7ay Kooperatifi Ziyaretimiz<\/a><\/h3><\/div><div class=\"gutentor-post-desc\">B\u00f6lgede bulunan kooperatif dostlar\u0131m\u0131zla haberle\u015ftikten sonra&nbsp;\u00d6z\u00e7ay&nbsp;Kooperatifini&#8217;de araya&hellip;<\/div><a class=\"gutentor-button gutentor-post-button\"  href=\"https:\/\/yerdenizkooperatifi.org\/index.php\/2021\/11\/12\/ozcay-kooperatifi-uretici-ziyareti\/\" href=\"https:\/\/yerdenizkooperatifi.org\/index.php\/2021\/11\/12\/ozcay-kooperatifi-uretici-ziyareti\/\"><span>Devam\u0131&#8230;<\/span><\/a><\/div><\/div><\/article><article class='gutentor-post'><div class=\"gutentor-post-item\"><div class=\"gutentor-post-image-box\"><div class=\"gutentor-image-thumb\"><img width=\"761\" height=\"571\" src=\"https:\/\/yerdenizkooperatifi.org\/wp-content\/uploads\/2021\/11\/IMG_20210802_172059.jpg\" class=\"attachment-full size-full wp-post-image\" alt=\"\" loading=\"lazy\" srcset=\"https:\/\/yerdenizkooperatifi.org\/wp-content\/uploads\/2021\/11\/IMG_20210802_172059.jpg 761w, https:\/\/yerdenizkooperatifi.org\/wp-content\/uploads\/2021\/11\/IMG_20210802_172059-486x365.jpg 486w, https:\/\/yerdenizkooperatifi.org\/wp-content\/uploads\/2021\/11\/IMG_20210802_172059-600x450.jpg 600w\" sizes=\"(max-width: 761px) 100vw, 761px\" \/><\/div><\/div><div class=\"gutentor-post-content\"><div class=\"gutentor-post-title-data-wrap\"><h3 class=\"gutentor-post-title\"><a href=\"https:\/\/yerdenizkooperatifi.org\/index.php\/2021\/11\/09\/koculu-peynircilik-ziyaretimiz-2\/\" rel=\"bookmark\">Ko\u00e7ulu Peynircilik Ziyaretimiz<\/a><\/h3><\/div><div class=\"gutentor-post-desc\">YerDeniz ve G\u00f6ztepe Kooperatifleri olarak Ko\u00e7ulu Peynircili\u011fin Kars\u2019taki mand\u0131ras\u0131n\u0131, 31.07.2021 \u2013 0&hellip;<\/div><a class=\"gutentor-button gutentor-post-button\"  href=\"https:\/\/yerdenizkooperatifi.org\/index.php\/2021\/11\/09\/koculu-peynircilik-ziyaretimiz-2\/\" href=\"https:\/\/yerdenizkooperatifi.org\/index.php\/2021\/11\/09\/koculu-peynircilik-ziyaretimiz-2\/\"><span>Devam\u0131&#8230;<\/span><\/a><\/div><\/div><\/article><article class='gutentor-post'><div class=\"gutentor-post-item\"><div class=\"gutentor-post-image-box\"><div class=\"gutentor-image-thumb\"><img width=\"1015\" height=\"571\" src=\"https:\/\/yerdenizkooperatifi.org\/wp-content\/uploads\/2021\/03\/eppek2.jpg\" class=\"attachment-full size-full wp-post-image\" alt=\"\" loading=\"lazy\" srcset=\"https:\/\/yerdenizkooperatifi.org\/wp-content\/uploads\/2021\/03\/eppek2.jpg 1015w, https:\/\/yerdenizkooperatifi.org\/wp-content\/uploads\/2021\/03\/eppek2-649x365.jpg 649w, https:\/\/yerdenizkooperatifi.org\/wp-content\/uploads\/2021\/03\/eppek2-840x473.jpg 840w, https:\/\/yerdenizkooperatifi.org\/wp-content\/uploads\/2021\/03\/eppek2-500x280.jpg 500w, https:\/\/yerdenizkooperatifi.org\/wp-content\/uploads\/2021\/03\/eppek2-768x432.jpg 768w\" sizes=\"(max-width: 1015px) 100vw, 1015px\" \/><\/div><\/div><div class=\"gutentor-post-content\"><div class=\"gutentor-post-title-data-wrap\"><h3 class=\"gutentor-post-title\"><a href=\"https:\/\/yerdenizkooperatifi.org\/index.php\/2021\/01\/12\/eppek-firinina-uretici-ziyareti-duzenledik\/\" rel=\"bookmark\">Eppek F\u0131r\u0131n\u0131 \u00dcretici Ziyaretimiz<\/a><\/h3><\/div><div class=\"gutentor-post-desc\">Ya\u015famyolu Kooperatifi ile birlikte YerDeniz ve G\u00f6ztepe Kooperatifleri olarak ek\u015fi mayal\u0131 ekmek \u00fcreti&hellip;<\/div><a class=\"gutentor-button gutentor-post-button\"  href=\"https:\/\/yerdenizkooperatifi.org\/index.php\/2021\/01\/12\/eppek-firinina-uretici-ziyareti-duzenledik\/\" href=\"https:\/\/yerdenizkooperatifi.org\/index.php\/2021\/01\/12\/eppek-firinina-uretici-ziyareti-duzenledik\/\"><span>Devam\u0131&#8230;<\/span><\/a><\/div><\/div><\/article><article class='gutentor-post'><div class=\"gutentor-post-item\"><div class=\"gutentor-post-image-box\"><div class=\"gutentor-image-thumb\"><img width=\"1015\" height=\"571\" src=\"https:\/\/yerdenizkooperatifi.org\/wp-content\/uploads\/2021\/03\/koculu3.jpg\" class=\"attachment-full size-full wp-post-image\" alt=\"\" loading=\"lazy\" srcset=\"https:\/\/yerdenizkooperatifi.org\/wp-content\/uploads\/2021\/03\/koculu3.jpg 1015w, https:\/\/yerdenizkooperatifi.org\/wp-content\/uploads\/2021\/03\/koculu3-649x365.jpg 649w, https:\/\/yerdenizkooperatifi.org\/wp-content\/uploads\/2021\/03\/koculu3-840x473.jpg 840w, https:\/\/yerdenizkooperatifi.org\/wp-content\/uploads\/2021\/03\/koculu3-500x280.jpg 500w, https:\/\/yerdenizkooperatifi.org\/wp-content\/uploads\/2021\/03\/koculu3-768x432.jpg 768w\" sizes=\"(max-width: 1015px) 100vw, 1015px\" \/><\/div><\/div><div class=\"gutentor-post-content\"><div class=\"gutentor-post-title-data-wrap\"><h3 class=\"gutentor-post-title\"><a href=\"https:\/\/yerdenizkooperatifi.org\/index.php\/2021\/01\/05\/koculu-peynircilik-ziyaretimiz\/\" rel=\"bookmark\">Ko\u00e7ulu Peynircili\u011fi Ziyaret Ettik<\/a><\/h3><\/div><div class=\"gutentor-post-desc\">Ya\u015famyolu Kooperatifi ile birlikte YerDeniz ve G\u00f6ztepe Kooperatifleri olarak Ko\u00e7ulu Peynircili\u011fin Ka&hellip;<\/div><a class=\"gutentor-button gutentor-post-button\"  href=\"https:\/\/yerdenizkooperatifi.org\/index.php\/2021\/01\/05\/koculu-peynircilik-ziyaretimiz\/\" href=\"https:\/\/yerdenizkooperatifi.org\/index.php\/2021\/01\/05\/koculu-peynircilik-ziyaretimiz\/\"><span>Devam\u0131&#8230;<\/span><\/a><\/div><\/div><\/article><\/div><\/div><\/section>\n\n\n<div id=\"section-g6064a2\" class=\"wp-block-gutentor-e17 section-g6064a2 gutentor-element gutentor-post-footer\"><div class=\"grid-container\"><div class=\"grid-row\">\n<div id=\"col-gm69beec\" class=\"wp-block-gutentor-e15 gutentor-single-column  grid-lg-12 grid-md-12 grid-12\"><div id=\"section-gm69beec\" class=\"section-gm69beec gutentor-col-wrap\">\n<div id=\"section-g8eb060\" class=\"wp-block-gutentor-e12 section-g8eb060 gutentor-element gutentor-element-pagination text-align-center-mobile\"><div class=\"gutentor-pagination-wrap\" data-maxnumpages=\"2\"><ul class=\"gutentor-pagination\"><li class=\"gutentor-pagination-item gutentor-pagination-prev\"><a class=\"gutentor-pagination-link gutentor-disabled\" href=\"#\"><i class=\"fas fa-chevron-left\"><\/i>Previous<\/a><\/li><li class=\"gutentor-pagination-item gutentor-pagination-active\" data-gpage=\"1\"><a class=\"gutentor-pagination-link\" href=\"#\">1<\/a><\/li><li class=\"gutentor-pagination-item\"><a class=\"gutentor-pagination-link\" href=\"#\" data-gpage=\"2\">2<\/a><\/li><li class=\"gutentor-pagination-item gutentor-pagination-next\"><a class=\"gutentor-pagination-link\" href=\"#\" data-gpage=\"2\">Next<i class=\"fas fa-chevron-right\"><\/i><\/a><\/li><\/ul><\/div><\/div>\n<\/div><\/div>\n<\/div><\/div><\/div>\n<\/section>\n","protected":false},"excerpt":{"rendered":"","protected":false},"author":1,"featured_media":0,"parent":173,"menu_order":0,"comment_status":"closed","ping_status":"closed","template":"","meta":[],"_links":{"self":[{"href":"https:\/\/yerdenizkooperatifi.org\/index.php\/wp-json\/wp\/v2\/pages\/182"}],"collection":[{"href":"https:\/\/yerdenizkooperatifi.org\/index.php\/wp-json\/wp\/v2\/pages"}],"about":[{"href":"https:\/\/yerdenizkooperatifi.org\/index.php\/wp-json\/wp\/v2\/types\/page"}],"author":[{"embeddable":true,"href":"https:\/\/yerdenizkooperatifi.org\/index.php\/wp-json\/wp\/v2\/users\/1"}],"replies":[{"embeddable":true,"href":"https:\/\/yerdenizkooperatifi.org\/index.php\/wp-json\/wp\/v2\/comments?post=182"}],"version-history":[{"count":9,"href":"https:\/\/yerdenizkooperatifi.org\/index.php\/wp-json\/wp\/v2\/pages\/182\/revisions"}],"predecessor-version":[{"id":2663,"href":"https:\/\/yerdenizkooperatifi.org\/index.php\/wp-json\/wp\/v2\/pages\/182\/revisions\/2663"}],"up":[{"embeddable":true,"href":"https:\/\/yerdenizkooperatifi.org\/index.php\/wp-json\/wp\/v2\/pages\/173"}],"wp:attachment":[{"href":"https:\/\/yerdenizkooperatifi.org\/index.php\/wp-json\/wp\/v2\/media?parent=182"}],"curies":[{"name":"wp","href":"https:\/\/api.w.org\/{rel}","templated":true}]}}