{"id":205,"date":"2020-05-18T18:02:39","date_gmt":"2020-05-18T18:02:39","guid":{"rendered":"http:\/\/yerdenizkooperatifi.org\/?page_id=205"},"modified":"2026-02-17T14:27:19","modified_gmt":"2026-02-17T14:27:19","slug":"gida-soylesileri","status":"publish","type":"page","link":"https:\/\/yerdenizkooperatifi.org\/index.php\/etkinlikler\/gida-soylesileri\/","title":{"rendered":"G\u0131da S\u00f6yle\u015fileri"},"content":{"rendered":"\n<section id=\"g8ff59d\" class=\"wp-block-gutentor-p4 section-g8ff59d gutentor-post-module gutentor-advanced-post-module\" data-gpid=\"205\" data-l-ani=\"gp4-animation-1\" data-i-b=\"gutentor\/p1\" data-maxnumpages=\"1\">\n<div id=\"section-g2b3408\" class=\"wp-block-gutentor-e16 section-g2b3408 gutentor-element gutentor-post-header\"><div class=\"grid-container\"><div class=\"grid-row\">\n<div id=\"col-gmcb2ac5\" class=\"wp-block-gutentor-e15 gutentor-single-column  grid-lg-5 grid-md-5 grid-5\"><div id=\"section-gmcb2ac5\" class=\"section-gmcb2ac5 gutentor-col-wrap\"><\/div><\/div>\n\n\n\n<div id=\"col-gmf618ab\" class=\"wp-block-gutentor-e15 gutentor-single-column  grid-lg-5 grid-md-5 grid-5\"><div id=\"section-gmf618ab\" class=\"section-gmf618ab gutentor-col-wrap\"><\/div><\/div>\n\n\n\n<div id=\"col-gm82c233\" class=\"wp-block-gutentor-e15 gutentor-single-column  grid-lg-2 grid-md-2 grid-2\"><div id=\"section-gm82c233\" class=\"section-gm82c233 gutentor-col-wrap\">\n<div id=\"section-g1683c5\" class=\"wp-block-gutentor-e13 section-g1683c5 gutentor-element gutentor-element-navigation text-align-right-desktop text-align-right-tablet text-align-left-mobile\"><div class=\"gutentor-navigation\" data-gpage=\"1\"><ul class=\"gutentor-next-prev\"><li><a class=\"gutentor-disabled g-nav-prev\"><i class=\"fas fa-chevron-left\"><\/i><\/a><\/li><li><a class=\"g-nav-next gutentor-disabled\"><i class=\"fas fa-chevron-right\"><\/i><\/a><\/li><\/ul><\/div><\/div>\n<\/div><\/div>\n<\/div><\/div><\/div>\n\n\n<section class=\"gutentor-post-module section-65c6d0a0-be9e-45a6-821e-5f3c4ad33f76 gutentor-post-module-p1 gutentor_p1_template1 gutentor-blog-list\" id=\"65c6d0a0-be9e-45a6-821e-5f3c4ad33f76\" data-gbid=\"65c6d0a0-be9e-45a6-821e-5f3c4ad33f76\" >\n<div class='grid-container'><div class='grid-row' ><article class='gutentor-post'><div class=\"gutentor-post-item\"><div class=\"gutentor-post-image-box\"><div class=\"gutentor-image-thumb\"><img width=\"558\" height=\"365\" src=\"https:\/\/yerdenizkooperatifi.org\/wp-content\/uploads\/2025\/10\/aff-558x365.jpeg\" class=\"attachment-medium size-medium wp-post-image\" alt=\"\" loading=\"lazy\" srcset=\"https:\/\/yerdenizkooperatifi.org\/wp-content\/uploads\/2025\/10\/aff-558x365.jpeg 558w, https:\/\/yerdenizkooperatifi.org\/wp-content\/uploads\/2025\/10\/aff-840x550.jpeg 840w, https:\/\/yerdenizkooperatifi.org\/wp-content\/uploads\/2025\/10\/aff-768x503.jpeg 768w, https:\/\/yerdenizkooperatifi.org\/wp-content\/uploads\/2025\/10\/aff.jpeg 1080w\" sizes=\"(max-width: 558px) 100vw, 558px\" \/><\/div><\/div><div class=\"gutentor-post-content\"><div class=\"gutentor-post-title-data-wrap\"><h3 class=\"gutentor-post-title\"><a href=\"https:\/\/yerdenizkooperatifi.org\/index.php\/2025\/10\/10\/agroekoloji-forumu-duzenliyoruz\/\" rel=\"bookmark\">Agroekoloji Forumu D\u00fczenliyoruz<\/a><\/h3><\/div><div class=\"gutentor-post-desc\">YerDeniz Kooperatifi olarak ileti\u015fimde oldu\u011fumuz \u00e7ift\u00e7ilerle birlikte \u015eile&#8217;de bulunan agroekoloji uy&hellip;<\/div><a class=\"gutentor-button gutentor-post-button\"  href=\"https:\/\/yerdenizkooperatifi.org\/index.php\/2025\/10\/10\/agroekoloji-forumu-duzenliyoruz\/\" href=\"https:\/\/yerdenizkooperatifi.org\/index.php\/2025\/10\/10\/agroekoloji-forumu-duzenliyoruz\/\"><span>Devam\u0131&#8230;<\/span><\/a><\/div><\/div><\/article><article class='gutentor-post'><div class=\"gutentor-post-item\"><div class=\"gutentor-post-image-box\"><div class=\"gutentor-image-thumb\"><img width=\"649\" height=\"365\" src=\"https:\/\/yerdenizkooperatifi.org\/wp-content\/uploads\/2021\/01\/aysun1-1-649x365.jpg\" class=\"attachment-medium size-medium wp-post-image\" alt=\"\" loading=\"lazy\" srcset=\"https:\/\/yerdenizkooperatifi.org\/wp-content\/uploads\/2021\/01\/aysun1-1-649x365.jpg 649w, https:\/\/yerdenizkooperatifi.org\/wp-content\/uploads\/2021\/01\/aysun1-1-840x473.jpg 840w, https:\/\/yerdenizkooperatifi.org\/wp-content\/uploads\/2021\/01\/aysun1-1-500x280.jpg 500w, https:\/\/yerdenizkooperatifi.org\/wp-content\/uploads\/2021\/01\/aysun1-1-768x432.jpg 768w, https:\/\/yerdenizkooperatifi.org\/wp-content\/uploads\/2021\/01\/aysun1-1.jpg 1015w\" sizes=\"(max-width: 649px) 100vw, 649px\" \/><\/div><\/div><div class=\"gutentor-post-content\"><div class=\"gutentor-post-title-data-wrap\"><h3 class=\"gutentor-post-title\"><a href=\"https:\/\/yerdenizkooperatifi.org\/index.php\/2020\/02\/23\/aysun-sokmen\/\" rel=\"bookmark\">Aysun S\u00f6kmen \u0130le S\u00fct \u00dcretimini Konu\u015ftuk<\/a><\/h3><\/div><div class=\"gutentor-post-desc\">G\u00fcnd\u00f6n\u00fcm\u00fc \u00c7iftli\u011fi k\u0131rsalda yeni bir ya\u015fam ve \u00fcretim alan\u0131 olu\u015fturmak amac\u0131yla 2000 y\u0131l\u0131nda Silivri &hellip;<\/div><a class=\"gutentor-button gutentor-post-button\"  href=\"https:\/\/yerdenizkooperatifi.org\/index.php\/2020\/02\/23\/aysun-sokmen\/\" href=\"https:\/\/yerdenizkooperatifi.org\/index.php\/2020\/02\/23\/aysun-sokmen\/\"><span>Devam\u0131&#8230;<\/span><\/a><\/div><\/div><\/article><article class='gutentor-post'><div class=\"gutentor-post-item\"><div class=\"gutentor-post-image-box\"><div class=\"gutentor-image-thumb\"><img width=\"584\" height=\"365\" src=\"https:\/\/yerdenizkooperatifi.org\/wp-content\/uploads\/2021\/02\/yerdeniz-peynir-atolyesi-5-584x365.jpg\" class=\"attachment-medium size-medium wp-post-image\" alt=\"\" loading=\"lazy\" srcset=\"https:\/\/yerdenizkooperatifi.org\/wp-content\/uploads\/2021\/02\/yerdeniz-peynir-atolyesi-5-584x365.jpg 584w, https:\/\/yerdenizkooperatifi.org\/wp-content\/uploads\/2021\/02\/yerdeniz-peynir-atolyesi-5.jpg 640w\" sizes=\"(max-width: 584px) 100vw, 584px\" \/><\/div><\/div><div class=\"gutentor-post-content\"><div class=\"gutentor-post-title-data-wrap\"><h3 class=\"gutentor-post-title\"><a href=\"https:\/\/yerdenizkooperatifi.org\/index.php\/2019\/12\/15\/ilhan-koculu-ile-keyifli-peynir-atolyesi\/\" rel=\"bookmark\">\u0130lhan Ko\u00e7ulu ile Keyifli Peynir At\u00f6lyesi D\u00fczenledik<\/a><\/h3><\/div><div class=\"gutentor-post-desc\">YerDeniz Kooperatifi&nbsp;ile Ko\u015fuyolu Kooperatifi Giri\u015fimi ortakla\u015fa d\u00fczenledikleri peynir at\u00f6lyesi&hellip;<\/div><a class=\"gutentor-button gutentor-post-button\"  href=\"https:\/\/yerdenizkooperatifi.org\/index.php\/2019\/12\/15\/ilhan-koculu-ile-keyifli-peynir-atolyesi\/\" href=\"https:\/\/yerdenizkooperatifi.org\/index.php\/2019\/12\/15\/ilhan-koculu-ile-keyifli-peynir-atolyesi\/\"><span>Devam\u0131&#8230;<\/span><\/a><\/div><\/div><\/article><article class='gutentor-post'><div class=\"gutentor-post-item\"><div class=\"gutentor-post-image-box\"><div class=\"gutentor-image-thumb\"><img width=\"649\" height=\"365\" src=\"https:\/\/yerdenizkooperatifi.org\/wp-content\/uploads\/2019\/12\/20191214_131426-649x365.jpg\" class=\"attachment-medium size-medium wp-post-image\" alt=\"\" loading=\"lazy\" srcset=\"https:\/\/yerdenizkooperatifi.org\/wp-content\/uploads\/2019\/12\/20191214_131426-649x365.jpg 649w, https:\/\/yerdenizkooperatifi.org\/wp-content\/uploads\/2019\/12\/20191214_131426-840x473.jpg 840w, https:\/\/yerdenizkooperatifi.org\/wp-content\/uploads\/2019\/12\/20191214_131426-500x280.jpg 500w, https:\/\/yerdenizkooperatifi.org\/wp-content\/uploads\/2019\/12\/20191214_131426-768x432.jpg 768w, https:\/\/yerdenizkooperatifi.org\/wp-content\/uploads\/2019\/12\/20191214_131426-1536x864.jpg 1536w, https:\/\/yerdenizkooperatifi.org\/wp-content\/uploads\/2019\/12\/20191214_131426-2048x1152.jpg 2048w, https:\/\/yerdenizkooperatifi.org\/wp-content\/uploads\/2019\/12\/20191214_131426-1360x765.jpg 1360w\" sizes=\"(max-width: 649px) 100vw, 649px\" \/><\/div><\/div><div class=\"gutentor-post-content\"><div class=\"gutentor-post-title-data-wrap\"><h3 class=\"gutentor-post-title\"><a href=\"https:\/\/yerdenizkooperatifi.org\/index.php\/2019\/12\/14\/kosuyolu-kooperatifi-girisimi-ile-birlikte-ekmek-atolyesi-duzenledik\/\" rel=\"bookmark\">Ko\u015fuyolu Kooperatifi Giri\u015fimi ile Birlikte Ekmek At\u00f6lyesi D\u00fczenledik<\/a><\/h3><\/div><div class=\"gutentor-post-desc\">Ko\u015fuyolu Kooperatifi Giri\u015fimi ile kendine yeten mutfak at\u00f6lyelerinde bug\u00fcn tam bu\u011fday unundan ek\u015fi m&hellip;<\/div><a class=\"gutentor-button gutentor-post-button\"  href=\"https:\/\/yerdenizkooperatifi.org\/index.php\/2019\/12\/14\/kosuyolu-kooperatifi-girisimi-ile-birlikte-ekmek-atolyesi-duzenledik\/\" href=\"https:\/\/yerdenizkooperatifi.org\/index.php\/2019\/12\/14\/kosuyolu-kooperatifi-girisimi-ile-birlikte-ekmek-atolyesi-duzenledik\/\"><span>Devam\u0131&#8230;<\/span><\/a><\/div><\/div><\/article><article class='gutentor-post'><div class=\"gutentor-post-item\"><div class=\"gutentor-post-image-box\"><div class=\"gutentor-image-thumb\"><img width=\"648\" height=\"365\" src=\"https:\/\/yerdenizkooperatifi.org\/wp-content\/uploads\/2021\/01\/bal-648x365.jpg\" class=\"attachment-medium size-medium wp-post-image\" alt=\"\" loading=\"lazy\" srcset=\"https:\/\/yerdenizkooperatifi.org\/wp-content\/uploads\/2021\/01\/bal-648x365.jpg 648w, https:\/\/yerdenizkooperatifi.org\/wp-content\/uploads\/2021\/01\/bal-840x473.jpg 840w, https:\/\/yerdenizkooperatifi.org\/wp-content\/uploads\/2021\/01\/bal-768x432.jpg 768w, https:\/\/yerdenizkooperatifi.org\/wp-content\/uploads\/2021\/01\/bal.jpg 1201w\" sizes=\"(max-width: 648px) 100vw, 648px\" \/><\/div><\/div><div class=\"gutentor-post-content\"><div class=\"gutentor-post-title-data-wrap\"><h3 class=\"gutentor-post-title\"><a href=\"https:\/\/yerdenizkooperatifi.org\/index.php\/2019\/11\/22\/yeldegirmeninde-balli-soylesi-yapildi\/\" rel=\"bookmark\">Abdurrahman Canl\u0131 \u0130le Ball\u0131 S\u00f6yle\u015fi D\u00fczenledik<\/a><\/h3><\/div><div class=\"gutentor-post-desc\">Yel de\u011firmeni mahallesinde bulunan YerDeniz Kooperatifi \u00fcretici ile t\u00fcketiciyi bir araya getiren bal&hellip;<\/div><a class=\"gutentor-button gutentor-post-button\"  href=\"https:\/\/yerdenizkooperatifi.org\/index.php\/2019\/11\/22\/yeldegirmeninde-balli-soylesi-yapildi\/\" href=\"https:\/\/yerdenizkooperatifi.org\/index.php\/2019\/11\/22\/yeldegirmeninde-balli-soylesi-yapildi\/\"><span>Devam\u0131&#8230;<\/span><\/a><\/div><\/div><\/article><article class='gutentor-post'><div class=\"gutentor-post-item\"><div class=\"gutentor-post-image-box\"><div class=\"gutentor-image-thumb\"><img width=\"660\" height=\"358\" src=\"https:\/\/yerdenizkooperatifi.org\/wp-content\/uploads\/2021\/01\/B.Sik_piyaz-660x358.jpg\" class=\"attachment-medium size-medium wp-post-image\" alt=\"\" loading=\"lazy\" srcset=\"https:\/\/yerdenizkooperatifi.org\/wp-content\/uploads\/2021\/01\/B.Sik_piyaz-660x358.jpg 660w, https:\/\/yerdenizkooperatifi.org\/wp-content\/uploads\/2021\/01\/B.Sik_piyaz-840x456.jpg 840w, https:\/\/yerdenizkooperatifi.org\/wp-content\/uploads\/2021\/01\/B.Sik_piyaz-768x417.jpg 768w, https:\/\/yerdenizkooperatifi.org\/wp-content\/uploads\/2021\/01\/B.Sik_piyaz.jpg 1440w\" sizes=\"(max-width: 660px) 100vw, 660px\" \/><\/div><\/div><div class=\"gutentor-post-content\"><div class=\"gutentor-post-title-data-wrap\"><h3 class=\"gutentor-post-title\"><a href=\"https:\/\/yerdenizkooperatifi.org\/index.php\/2019\/09\/24\/tahinli-piyazli-gida-sohbetiyle-mahalleli-moral-buldu\/\" rel=\"bookmark\">B\u00fclent \u015e\u0131k \u0130le Tahinli Piyazl\u0131 S\u00f6yle\u015fi D\u00fczenledik<\/a><\/h3><\/div><div class=\"gutentor-post-desc\">Yel de\u011firmeni mahallesinde ge\u00e7en hafta d\u00fczenlenen B\u00fclent \u015e\u0131k\u2019la tahinli piyazl\u0131 g\u0131da s\u00f6yle\u015fisi hem a&hellip;<\/div><a class=\"gutentor-button gutentor-post-button\"  href=\"https:\/\/yerdenizkooperatifi.org\/index.php\/2019\/09\/24\/tahinli-piyazli-gida-sohbetiyle-mahalleli-moral-buldu\/\" href=\"https:\/\/yerdenizkooperatifi.org\/index.php\/2019\/09\/24\/tahinli-piyazli-gida-sohbetiyle-mahalleli-moral-buldu\/\"><span>Devam\u0131&#8230;<\/span><\/a><\/div><\/div><\/article><\/div><\/div><\/section>\n\n\n<div id=\"section-g259ad1\" class=\"wp-block-gutentor-e17 section-g259ad1 gutentor-element gutentor-post-footer\"><div class=\"grid-container\"><div class=\"grid-row\">\n<div id=\"col-gm1735b0\" class=\"wp-block-gutentor-e15 gutentor-single-column  grid-lg-12 grid-md-12 grid-12\"><div id=\"section-gm1735b0\" class=\"section-gm1735b0 gutentor-col-wrap\">\n<div id=\"section-g7573b8\" class=\"wp-block-gutentor-e12 section-g7573b8 gutentor-element gutentor-element-pagination text-align-center-mobile\"><div class=\"gutentor-pagination-wrap\" data-maxnumpages=\"1\"><ul class=\"gutentor-pagination\"><li class=\"gutentor-pagination-item gutentor-pagination-prev\"><a class=\"gutentor-pagination-link gutentor-disabled\" href=\"#\"><i class=\"fas fa-chevron-left\"><\/i>Previous<\/a><\/li><li class=\"gutentor-pagination-item gutentor-pagination-active\" data-gpage=\"1\"><a class=\"gutentor-pagination-link\" href=\"#\">1<\/a><\/li><li class=\"gutentor-pagination-item gutentor-pagination-next\"><a class=\"gutentor-pagination-link gutentor-disabled\" href=\"#\" data-gpage=\"2\">Next<i class=\"fas fa-chevron-right\"><\/i><\/a><\/li><\/ul><\/div><\/div>\n<\/div><\/div>\n<\/div><\/div><\/div>\n<\/section>\n","protected":false},"excerpt":{"rendered":"","protected":false},"author":1,"featured_media":0,"parent":76,"menu_order":0,"comment_status":"closed","ping_status":"closed","template":"","meta":[],"_links":{"self":[{"href":"https:\/\/yerdenizkooperatifi.org\/index.php\/wp-json\/wp\/v2\/pages\/205"}],"collection":[{"href":"https:\/\/yerdenizkooperatifi.org\/index.php\/wp-json\/wp\/v2\/pages"}],"about":[{"href":"https:\/\/yerdenizkooperatifi.org\/index.php\/wp-json\/wp\/v2\/types\/page"}],"author":[{"embeddable":true,"href":"https:\/\/yerdenizkooperatifi.org\/index.php\/wp-json\/wp\/v2\/users\/1"}],"replies":[{"embeddable":true,"href":"https:\/\/yerdenizkooperatifi.org\/index.php\/wp-json\/wp\/v2\/comments?post=205"}],"version-history":[{"count":6,"href":"https:\/\/yerdenizkooperatifi.org\/index.php\/wp-json\/wp\/v2\/pages\/205\/revisions"}],"predecessor-version":[{"id":2665,"href":"https:\/\/yerdenizkooperatifi.org\/index.php\/wp-json\/wp\/v2\/pages\/205\/revisions\/2665"}],"up":[{"embeddable":true,"href":"https:\/\/yerdenizkooperatifi.org\/index.php\/wp-json\/wp\/v2\/pages\/76"}],"wp:attachment":[{"href":"https:\/\/yerdenizkooperatifi.org\/index.php\/wp-json\/wp\/v2\/media?parent=205"}],"curies":[{"name":"wp","href":"https:\/\/api.w.org\/{rel}","templated":true}]}}