{"id":76,"date":"2020-05-03T09:19:13","date_gmt":"2020-05-03T09:19:13","guid":{"rendered":"http:\/\/yerdenizkooperatifi.org\/?page_id=76"},"modified":"2021-04-07T10:58:20","modified_gmt":"2021-04-07T10:58:20","slug":"etkinlikler","status":"publish","type":"page","link":"https:\/\/yerdenizkooperatifi.org\/index.php\/etkinlikler\/","title":{"rendered":"Etkinlikler"},"content":{"rendered":"\n<section id=\"g59b908\" class=\"wp-block-gutentor-p4 section-g59b908 gutentor-post-module gutentor-advanced-post-module\" data-gpid=\"76\" data-l-ani=\"gp4-animation-1\" data-i-b=\"gutentor\/p1\" data-maxnumpages=\"2\">\n<div id=\"section-g3cb967\" class=\"wp-block-gutentor-e16 section-g3cb967 gutentor-element gutentor-post-header\"><div class=\"grid-container\"><div class=\"grid-row\">\n<div id=\"col-gmf16a76\" class=\"wp-block-gutentor-e15 gutentor-single-column  grid-lg-5 grid-md-5 grid-5\"><div id=\"section-gmf16a76\" class=\"section-gmf16a76 gutentor-col-wrap\"><\/div><\/div>\n\n\n\n<div id=\"col-gmd12594\" class=\"wp-block-gutentor-e15 gutentor-single-column  grid-lg-5 grid-md-5 grid-5\"><div id=\"section-gmd12594\" class=\"section-gmd12594 gutentor-col-wrap\"><\/div><\/div>\n\n\n\n<div id=\"col-gm792282\" class=\"wp-block-gutentor-e15 gutentor-single-column  grid-lg-2 grid-md-2 grid-2\"><div id=\"section-gm792282\" class=\"section-gm792282 gutentor-col-wrap\">\n<div id=\"section-g25ff8c\" class=\"wp-block-gutentor-e13 section-g25ff8c gutentor-element gutentor-element-navigation text-align-right-desktop text-align-right-tablet text-align-left-mobile\"><div class=\"gutentor-navigation\" data-gpage=\"1\"><ul class=\"gutentor-next-prev\"><li><a class=\"gutentor-disabled g-nav-prev\"><i class=\"fas fa-chevron-left\"><\/i><\/a><\/li><li><a class=\"g-nav-next\"><i class=\"fas fa-chevron-right\"><\/i><\/a><\/li><\/ul><\/div><\/div>\n<\/div><\/div>\n<\/div><\/div><\/div>\n\n\n<section class=\"gutentor-post-module section-a7482f62-5560-4216-9f93-0e2ffbca3fa0 gutentor-post-module-p1 gutentor_p1_template1 gutentor-blog-list\" id=\"a7482f62-5560-4216-9f93-0e2ffbca3fa0\" data-gbid=\"a7482f62-5560-4216-9f93-0e2ffbca3fa0\" >\n<div class='grid-container'><div class='grid-row' ><article class='gutentor-post'><div class=\"gutentor-post-item\"><div class=\"gutentor-post-image-box\"><div class=\"gutentor-image-thumb\"><img width=\"487\" height=\"365\" src=\"https:\/\/yerdenizkooperatifi.org\/wp-content\/uploads\/2026\/03\/kampus-bostanlari4-487x365.jpeg\" class=\"attachment-medium size-medium wp-post-image\" alt=\"\" loading=\"lazy\" srcset=\"https:\/\/yerdenizkooperatifi.org\/wp-content\/uploads\/2026\/03\/kampus-bostanlari4-487x365.jpeg 487w, https:\/\/yerdenizkooperatifi.org\/wp-content\/uploads\/2026\/03\/kampus-bostanlari4-840x630.jpeg 840w, https:\/\/yerdenizkooperatifi.org\/wp-content\/uploads\/2026\/03\/kampus-bostanlari4-768x576.jpeg 768w, https:\/\/yerdenizkooperatifi.org\/wp-content\/uploads\/2026\/03\/kampus-bostanlari4-1536x1152.jpeg 1536w, https:\/\/yerdenizkooperatifi.org\/wp-content\/uploads\/2026\/03\/kampus-bostanlari4-600x450.jpeg 600w, https:\/\/yerdenizkooperatifi.org\/wp-content\/uploads\/2026\/03\/kampus-bostanlari4.jpeg 2000w\" sizes=\"(max-width: 487px) 100vw, 487px\" \/><\/div><\/div><div class=\"gutentor-post-content\"><div class=\"gutentor-post-title-data-wrap\"><h3 class=\"gutentor-post-title\"><a href=\"https:\/\/yerdenizkooperatifi.org\/index.php\/2026\/02\/28\/kampus-bostanlari-ve-kitap-tanitimi\/\" rel=\"bookmark\">Kamp\u00fcs Bostanlar\u0131 ve Kitap Tan\u0131t\u0131m\u0131<\/a><\/h3><\/div><div class=\"gutentor-post-desc\">\u0130stanbul&#8217;da bulunan Devrim Bostan\u0131, Ayaza\u011fa Bostan\u0131, Bilgi Bostan\u0131 ve Bo\u011fazi\u00e7i Tarlataban&#8217;\u0131n bir ara&hellip;<\/div><\/div><\/div><\/article><article class='gutentor-post'><div class=\"gutentor-post-item\"><div class=\"gutentor-post-image-box\"><div class=\"gutentor-image-thumb\"><img width=\"487\" height=\"365\" src=\"https:\/\/yerdenizkooperatifi.org\/wp-content\/uploads\/2026\/02\/filistin-kitap-etkinligi4-1-487x365.jpeg\" class=\"attachment-medium size-medium wp-post-image\" alt=\"\" loading=\"lazy\" srcset=\"https:\/\/yerdenizkooperatifi.org\/wp-content\/uploads\/2026\/02\/filistin-kitap-etkinligi4-1-487x365.jpeg 487w, https:\/\/yerdenizkooperatifi.org\/wp-content\/uploads\/2026\/02\/filistin-kitap-etkinligi4-1-840x630.jpeg 840w, https:\/\/yerdenizkooperatifi.org\/wp-content\/uploads\/2026\/02\/filistin-kitap-etkinligi4-1-768x576.jpeg 768w, https:\/\/yerdenizkooperatifi.org\/wp-content\/uploads\/2026\/02\/filistin-kitap-etkinligi4-1-1536x1152.jpeg 1536w, https:\/\/yerdenizkooperatifi.org\/wp-content\/uploads\/2026\/02\/filistin-kitap-etkinligi4-1-600x450.jpeg 600w, https:\/\/yerdenizkooperatifi.org\/wp-content\/uploads\/2026\/02\/filistin-kitap-etkinligi4-1.jpeg 2000w\" sizes=\"(max-width: 487px) 100vw, 487px\" \/><\/div><\/div><div class=\"gutentor-post-content\"><div class=\"gutentor-post-title-data-wrap\"><h3 class=\"gutentor-post-title\"><a href=\"https:\/\/yerdenizkooperatifi.org\/index.php\/2026\/02\/02\/filistin-direnis-ekonomisi-kitabi-tanitim-etkinligi-duzenlendi\/\" rel=\"bookmark\">Filistin Direni\u015f Ekonomisi Kitab\u0131 Tan\u0131t\u0131m Etkinli\u011fi D\u00fczenlendi<\/a><\/h3><\/div><div class=\"gutentor-post-desc\">YerDeniz Kooperatifi yay\u0131nlar\u0131n\u0131n ikinci kitab\u0131 Filistin Direni\u015f Ekonomisi kitab\u0131 yay\u0131mland\u0131. Kitap &hellip;<\/div><\/div><\/div><\/article><article class='gutentor-post'><div class=\"gutentor-post-item\"><div class=\"gutentor-post-image-box\"><div class=\"gutentor-image-thumb\"><img width=\"461\" height=\"365\" src=\"https:\/\/yerdenizkooperatifi.org\/wp-content\/uploads\/2025\/10\/tursu-atolye-2-e1760537968170-461x365.jpg\" class=\"attachment-medium size-medium wp-post-image\" alt=\"\" loading=\"lazy\" srcset=\"https:\/\/yerdenizkooperatifi.org\/wp-content\/uploads\/2025\/10\/tursu-atolye-2-e1760537968170-461x365.jpg 461w, https:\/\/yerdenizkooperatifi.org\/wp-content\/uploads\/2025\/10\/tursu-atolye-2-e1760537968170-840x666.jpg 840w, https:\/\/yerdenizkooperatifi.org\/wp-content\/uploads\/2025\/10\/tursu-atolye-2-e1760537968170-768x609.jpg 768w, https:\/\/yerdenizkooperatifi.org\/wp-content\/uploads\/2025\/10\/tursu-atolye-2-e1760537968170.jpg 1485w\" sizes=\"(max-width: 461px) 100vw, 461px\" \/><\/div><\/div><div class=\"gutentor-post-content\"><div class=\"gutentor-post-title-data-wrap\"><h3 class=\"gutentor-post-title\"><a href=\"https:\/\/yerdenizkooperatifi.org\/index.php\/2025\/10\/11\/biz-kisa-haziriz-ya-siz\/\" rel=\"bookmark\">Biz K\u0131\u015fa Haz\u0131r\u0131z, Ya Siz?<\/a><\/h3><\/div><div class=\"gutentor-post-desc\">Rasimpa\u015fa Mahallesi Muhtarl\u0131\u011f\u0131 ve YerDeniz Kooperatifi ortak \u00e7a\u011fr\u0131s\u0131yla 11 Ekim 2025 saat 15.00 ile &hellip;<\/div><\/div><\/div><\/article><article class='gutentor-post'><div class=\"gutentor-post-item\"><div class=\"gutentor-post-image-box\"><div class=\"gutentor-image-thumb\"><img width=\"558\" height=\"365\" src=\"https:\/\/yerdenizkooperatifi.org\/wp-content\/uploads\/2025\/10\/aff-558x365.jpeg\" class=\"attachment-medium size-medium wp-post-image\" alt=\"\" loading=\"lazy\" srcset=\"https:\/\/yerdenizkooperatifi.org\/wp-content\/uploads\/2025\/10\/aff-558x365.jpeg 558w, https:\/\/yerdenizkooperatifi.org\/wp-content\/uploads\/2025\/10\/aff-840x550.jpeg 840w, https:\/\/yerdenizkooperatifi.org\/wp-content\/uploads\/2025\/10\/aff-768x503.jpeg 768w, https:\/\/yerdenizkooperatifi.org\/wp-content\/uploads\/2025\/10\/aff.jpeg 1080w\" sizes=\"(max-width: 558px) 100vw, 558px\" \/><\/div><\/div><div class=\"gutentor-post-content\"><div class=\"gutentor-post-title-data-wrap\"><h3 class=\"gutentor-post-title\"><a href=\"https:\/\/yerdenizkooperatifi.org\/index.php\/2025\/10\/10\/agroekoloji-forumu-duzenliyoruz\/\" rel=\"bookmark\">Agroekoloji Forumu D\u00fczenliyoruz<\/a><\/h3><\/div><div class=\"gutentor-post-desc\">YerDeniz Kooperatifi olarak ileti\u015fimde oldu\u011fumuz \u00e7ift\u00e7ilerle birlikte \u015eile&#8217;de bulunan agroekoloji uy&hellip;<\/div><\/div><\/div><\/article><article class='gutentor-post'><div class=\"gutentor-post-item\"><div class=\"gutentor-post-image-box\"><div class=\"gutentor-image-thumb\"><img width=\"487\" height=\"365\" src=\"https:\/\/yerdenizkooperatifi.org\/wp-content\/uploads\/2025\/10\/isci-koop-2-487x365.jpg\" class=\"attachment-medium size-medium wp-post-image\" alt=\"\" loading=\"lazy\" srcset=\"https:\/\/yerdenizkooperatifi.org\/wp-content\/uploads\/2025\/10\/isci-koop-2-487x365.jpg 487w, https:\/\/yerdenizkooperatifi.org\/wp-content\/uploads\/2025\/10\/isci-koop-2-840x630.jpg 840w, https:\/\/yerdenizkooperatifi.org\/wp-content\/uploads\/2025\/10\/isci-koop-2-768x576.jpg 768w, https:\/\/yerdenizkooperatifi.org\/wp-content\/uploads\/2025\/10\/isci-koop-2-1536x1152.jpg 1536w, https:\/\/yerdenizkooperatifi.org\/wp-content\/uploads\/2025\/10\/isci-koop-2-600x450.jpg 600w, https:\/\/yerdenizkooperatifi.org\/wp-content\/uploads\/2025\/10\/isci-koop-2.jpg 2000w\" sizes=\"(max-width: 487px) 100vw, 487px\" \/><\/div><\/div><div class=\"gutentor-post-content\"><div class=\"gutentor-post-title-data-wrap\"><h3 class=\"gutentor-post-title\"><a href=\"https:\/\/yerdenizkooperatifi.org\/index.php\/2025\/10\/09\/isci-kooperatiflerini-konustuk\/\" rel=\"bookmark\">\u0130\u015f\u00e7i Kooperatiflerini Konu\u015ftuk<\/a><\/h3><\/div><div class=\"gutentor-post-desc\">YerDeniz Kooperatifi olarak 9 Ekim 2025 tarihinde i\u015f\u00e7i kooperatiflerini konu\u015fuyoruz etkinli\u011fi d\u00fczenl&hellip;<\/div><\/div><\/div><\/article><article class='gutentor-post'><div class=\"gutentor-post-item\"><div class=\"gutentor-post-image-box\"><div class=\"gutentor-image-thumb\"><img width=\"487\" height=\"365\" src=\"https:\/\/yerdenizkooperatifi.org\/wp-content\/uploads\/2026\/02\/fotos3-487x365.jpeg\" class=\"attachment-medium size-medium wp-post-image\" alt=\"\" loading=\"lazy\" srcset=\"https:\/\/yerdenizkooperatifi.org\/wp-content\/uploads\/2026\/02\/fotos3-487x365.jpeg 487w, https:\/\/yerdenizkooperatifi.org\/wp-content\/uploads\/2026\/02\/fotos3-840x630.jpeg 840w, https:\/\/yerdenizkooperatifi.org\/wp-content\/uploads\/2026\/02\/fotos3-768x576.jpeg 768w, https:\/\/yerdenizkooperatifi.org\/wp-content\/uploads\/2026\/02\/fotos3-1536x1152.jpeg 1536w, https:\/\/yerdenizkooperatifi.org\/wp-content\/uploads\/2026\/02\/fotos3-600x450.jpeg 600w, https:\/\/yerdenizkooperatifi.org\/wp-content\/uploads\/2026\/02\/fotos3.jpeg 2000w\" sizes=\"(max-width: 487px) 100vw, 487px\" \/><\/div><\/div><div class=\"gutentor-post-content\"><div class=\"gutentor-post-title-data-wrap\"><h3 class=\"gutentor-post-title\"><a href=\"https:\/\/yerdenizkooperatifi.org\/index.php\/2025\/09\/13\/tarlada-hasat-zamani\/\" rel=\"bookmark\">Tarlada Hasat Zaman\u0131<\/a><\/h3><\/div><div class=\"gutentor-post-desc\">Yaz d\u00f6nemi ekimini nas\u0131l yapaca\u011f\u0131z derken \u00fcr\u00fcnlerimiz yeti\u015fti, hasat zaman\u0131 geldi bile. Ba\u015fta domate&hellip;<\/div><\/div><\/div><\/article><\/div><\/div><\/section>\n\n\n<div id=\"section-g71a7c1\" class=\"wp-block-gutentor-e17 section-g71a7c1 gutentor-element gutentor-post-footer\"><div class=\"grid-container\"><div class=\"grid-row\">\n<div id=\"col-gm757961\" class=\"wp-block-gutentor-e15 gutentor-single-column  grid-lg-12 grid-md-12 grid-12\"><div id=\"section-gm757961\" class=\"section-gm757961 gutentor-col-wrap\">\n<div id=\"section-gd83e7c\" class=\"wp-block-gutentor-e12 section-gd83e7c gutentor-element gutentor-element-pagination text-align-center-mobile\"><div class=\"gutentor-pagination-wrap\" data-maxnumpages=\"2\"><ul class=\"gutentor-pagination\"><li class=\"gutentor-pagination-item gutentor-pagination-prev\"><a class=\"gutentor-pagination-link gutentor-disabled\" href=\"#\"><i class=\"fas fa-chevron-left\"><\/i>Previous<\/a><\/li><li class=\"gutentor-pagination-item gutentor-pagination-active\" data-gpage=\"1\"><a class=\"gutentor-pagination-link\" href=\"#\">1<\/a><\/li><li class=\"gutentor-pagination-item\"><a class=\"gutentor-pagination-link\" href=\"#\" data-gpage=\"2\">2<\/a><\/li><li class=\"gutentor-pagination-item gutentor-pagination-next\"><a class=\"gutentor-pagination-link\" href=\"#\" data-gpage=\"2\">Next<i class=\"fas fa-chevron-right\"><\/i><\/a><\/li><\/ul><\/div><\/div>\n<\/div><\/div>\n<\/div><\/div><\/div>\n<\/section>\n","protected":false},"excerpt":{"rendered":"","protected":false},"author":1,"featured_media":0,"parent":0,"menu_order":0,"comment_status":"closed","ping_status":"closed","template":"","meta":[],"_links":{"self":[{"href":"https:\/\/yerdenizkooperatifi.org\/index.php\/wp-json\/wp\/v2\/pages\/76"}],"collection":[{"href":"https:\/\/yerdenizkooperatifi.org\/index.php\/wp-json\/wp\/v2\/pages"}],"about":[{"href":"https:\/\/yerdenizkooperatifi.org\/index.php\/wp-json\/wp\/v2\/types\/page"}],"author":[{"embeddable":true,"href":"https:\/\/yerdenizkooperatifi.org\/index.php\/wp-json\/wp\/v2\/users\/1"}],"replies":[{"embeddable":true,"href":"https:\/\/yerdenizkooperatifi.org\/index.php\/wp-json\/wp\/v2\/comments?post=76"}],"version-history":[{"count":7,"href":"https:\/\/yerdenizkooperatifi.org\/index.php\/wp-json\/wp\/v2\/pages\/76\/revisions"}],"predecessor-version":[{"id":1493,"href":"https:\/\/yerdenizkooperatifi.org\/index.php\/wp-json\/wp\/v2\/pages\/76\/revisions\/1493"}],"wp:attachment":[{"href":"https:\/\/yerdenizkooperatifi.org\/index.php\/wp-json\/wp\/v2\/media?parent=76"}],"curies":[{"name":"wp","href":"https:\/\/api.w.org\/{rel}","templated":true}]}}